{"id":12457,"date":"2016-09-20T16:14:08","date_gmt":"2016-09-20T14:14:08","guid":{"rendered":"https:\/\/archimage.fr\/terms-of-use\/"},"modified":"2026-03-24T10:50:59","modified_gmt":"2026-03-24T09:50:59","slug":"terms-of-use","status":"publish","type":"page","link":"https:\/\/archimage.fr\/en\/terms-of-use\/","title":{"rendered":"Terms of use"},"content":{"rendered":"<div class=\"wpb-content-wrapper\"><p>[vc_row row_height_percent=&#8221;0&#8243; overlay_alpha=&#8221;50&#8243; gutter_size=&#8221;3&#8243; column_width_percent=&#8221;100&#8243; shift_y=&#8221;0&#8243; z_index=&#8221;0&#8243;][vc_column column_width_use_pixel=&#8221;yes&#8221; gutter_size=&#8221;3&#8243; overlay_alpha=&#8221;50&#8243; shift_x=&#8221;0&#8243; shift_y=&#8221;0&#8243; shift_y_down=&#8221;0&#8243; z_index=&#8221;0&#8243; medium_width=&#8221;0&#8243; mobile_width=&#8221;0&#8243; column_width_pixel=&#8221;1024&#8243;][vc_column_text]<strong>Legal information.<\/strong><br \/>This website &#8221; www.archimage.fr &#8221; is published by <strong>archimage<\/strong> SAS with a capital of 212 620 Euros, registered in the Paris Trade and Companies Register under number : 378 184 378, headquartered at 9, rue Georges Ville 75116 Paris. The Director of Publication is Alexandra Corric. The site is hosted by OVH. Access to the site and use of its content are subject to the conditions of use described below. By accessing and browsing the site, visitors accept the following stipulations without reservation: &#8211; The site and all its elements are protected by the French Intellectual Property Code. &#8211; The use of all or part of the site, in particular by downloading, reproduction, transmission or representation for purposes other than personal and private use for non-commercial purposes, is strictly forbidden. Failure to comply with this prohibition constitutes an infringement liable to engage the civil or criminal liability of the infringer. &#8211; <strong>archimage<\/strong> makes every effort to ensure that the information published on the site is accurate and up-to-date, and reserves the right to correct the content at any time without notice. However, <strong>archimage<\/strong> cannot guarantee the accuracy, precision or completeness of the information made available on the site. Consequently, <strong>archimage<\/strong> declines all responsibility : &#8211; for any imprecision, inaccuracy or omission concerning the information available on the site. &#8211; for any damage resulting from intrusion by a third party leading to modification of the information made available on the site, &#8211; and more generally, for any damage, direct or indirect, whatever the cause, origin, nature or consequences, caused by anyone&#8217;s access to the site or inability to access it, as well as use of the site and\/or credit given to any information coming directly or indirectly from it. Similarly, <strong>archimage<\/strong> does not guarantee that the server hosting the site is free of &#8220;viruses&#8221; or that a technical problem may occur that could damage the components of the user&#8217;s computer or data that may be stored.<\/p>\n<p><strong>Personal data.<\/strong><br \/>The visitor is likely to provide personal data. <strong>archimage<\/strong> guarantees that these data will not be transferred to third parties. <strong>archimage<\/strong> implements means intended to ensure the security of files constituted from personal data collected on the site. However, <strong>archimage<\/strong> does not control the risks associated with the operation of the Internet and draws the attention of Internet users to the existence of possible risks in terms of confidentiality of data transiting via this network and declines all responsibility associated with this risk. In addition, under the French Data Protection Act no. 78-17 of January 6, 1978, all visitors have the right to access personal information concerning them and to have it corrected or deleted, if necessary, by contacting: <strong>archimage<\/strong> 9 rue Georges Ville 75116 Paris &#x63;&#x6f;&#x6e;&#x74;&#x61;&#x63;&#x74;&#x40;<span class=\"oe_displaynone\">null<\/span>&#x61;&#x72;&#x63;&#x68;&#x69;&#x6d;&#x61;&#x67;&#x65;&#x2e;&#x66;&#x72;[\/vc_column_text][\/vc_column][\/vc_row][vc_row row_height_percent=&#8221;0&#8243; overlay_alpha=&#8221;50&#8243; gutter_size=&#8221;3&#8243; column_width_percent=&#8221;100&#8243; shift_y=&#8221;0&#8243; z_index=&#8221;0&#8243; content_parallax=&#8221;0&#8243; uncode_shortcode_id=&#8221;196018&#8243;][vc_column column_width_use_pixel=&#8221;yes&#8221; gutter_size=&#8221;3&#8243; overlay_alpha=&#8221;50&#8243; shift_x=&#8221;0&#8243; shift_y=&#8221;0&#8243; shift_y_down=&#8221;0&#8243; z_index=&#8221;0&#8243; medium_width=&#8221;0&#8243; mobile_width=&#8221;0&#8243; width=&#8221;1\/1&#8243; uncode_shortcode_id=&#8221;853749&#8243; column_width_pixel=&#8221;1024&#8243;][vc_column_text uncode_shortcode_id=&#8221;132663&#8243;]<strong>Politique de confidentialit\u00e9<\/strong><br \/>L\u2019objet de la pr\u00e9sente Charte est d\u2019informer les utilisateurs du site web https:\/\/archimage.fr\u00a0(ci-apr\u00e8s d\u00e9nomm\u00e9 le \u00ab\u00a0Site \u00bb) de la mani\u00e8re dont les donn\u00e9es sont r\u00e9colt\u00e9es et trait\u00e9es par la soci\u00e9t\u00e9 ARCHIMAGE (ci-apr\u00e8s d\u00e9nomm\u00e9 L&#8217;ENTREPRISE)<\/p>\n<p>La pr\u00e9sente Charte s\u2019inscrit dans le souhait de la soci\u00e9t\u00e9 L&#8217;ENTREPRISE d\u2019agir en toute transparence, dans le respect de la r\u00e8glementation en vigueur en France et dans l\u2019Union Europ\u00e9enne, en particulier concernant le R\u00e8glement G\u00e9n\u00e9ral sur la Protection des Donn\u00e9es Personnelles UE 2016\/679 du 27 avril 2016 relatif \u00e0 la protection des personnes physiques \u00e0 l\u2019\u00e9gard du traitement des donn\u00e9es \u00e0 caract\u00e8re personnel et \u00e0 la libre circulation de ces donn\u00e9es.<br \/>L&#8217;ENTREPRISE porte une attention particuli\u00e8re \u00e0 la protection de la vie priv\u00e9e des utilisateurs de son Site et s\u2019engage par cons\u00e9quent \u00e0 prendre les pr\u00e9cautions raisonnables requises pour prot\u00e9ger les donn\u00e9es \u00e0 caract\u00e8re personnel r\u00e9colt\u00e9es contre la perte, le vol, la divulgation ou l\u2019utilisation non autoris\u00e9e.<br \/>Si l\u2019utilisateur souhaite r\u00e9agir \u00e0 l\u2019une des pratiques d\u00e9crites ci-apr\u00e8s, il peut contacter le D\u00e9l\u00e9gu\u00e9 \u00e0 la Protection des Donn\u00e9es (ci-apr\u00e8s le \u00ab\u00a0DPO\u00a0\u00bb) \u00e0 l\u2019adresse postale ou \u00e0 l\u2019adresse email pr\u00e9cis\u00e9es au point \u201ccontact\u201d de la pr\u00e9sente Charte.[\/vc_column_text][vc_tabs uncode_shortcode_id=&#8221;182612&#8243;][vc_tab gutter_size=&#8221;2&#8243; column_padding=&#8221;2&#8243; title=&#8221;CONSENTEMENT&#8221; tab_id=&#8221;1774344404-1-78&#8243;][vc_column_text uncode_shortcode_id=&#8221;262756&#8243;]En acc\u00e9dant au Site et en l\u2019utilisant, l\u2019utilisateur d\u00e9clare avoir pris connaissance des informations d\u00e9crites ci-dessous, accepte la pr\u00e9sente Charte et consent express\u00e9ment \u00e0 ce que L&#8217;ENTREPRISE recueille et traite, conform\u00e9ment aux modalit\u00e9s et principes d\u00e9crits dans la pr\u00e9sente Charte, ses donn\u00e9es \u00e0 caract\u00e8re personnel qu\u2019il communique par le biais du Site et\/ou \u00e0 l\u2019occasion des services propos\u00e9s sur le Site, pour les finalit\u00e9s indiqu\u00e9es ci-apr\u00e8s.<br \/>L\u2019utilisateur a le droit de retirer son consentement \u00e0 tout moment. Le retrait du consentement ne compromet pas la lic\u00e9it\u00e9 du traitement fond\u00e9 sur le consentement pr\u00e9alablement donn\u00e9.[\/vc_column_text][\/vc_tab][vc_tab gutter_size=&#8221;2&#8243; column_padding=&#8221;2&#8243; title=&#8221;DONN\u00c9ES PERSONNELES COLLECT\u00c9ES&#8221; tab_id=&#8221;1774344404-2-93&#8243;][vc_column_text uncode_shortcode_id=&#8221;262756&#8243;]En visitant et en utilisant le site web, l\u2019utilisateur consent express\u00e9ment \u00e0 ce que L&#8217;ENTREPRISE recueille et traite, selon les modalit\u00e9s et principes d\u00e9crits ci-apr\u00e8s, les donn\u00e9es \u00e0 caract\u00e8re personnel suivantes :<br \/>\u2022 son nom de domaine y compris l\u2019adresse IP dynamique.<br \/>\u2022 son adresse de courrier \u00e9lectronique si l\u2019utilisateur l\u2019a pr\u00e9c\u00e9demment r\u00e9v\u00e9l\u00e9e, par exemple en envoyant des messages ou questions sur le Site, en communiquant avec L&#8217;ENTREPRISE par courrier \u00e9lectronique, en utilisant le Chatbot, etc.<br \/>\u2022 l\u2019ensemble de l\u2019information concernant les pages que l\u2019utilisateur a consult\u00e9es sur le Site.<br \/>\u2022 toute information que l\u2019utilisateur a donn\u00e9e volontairement, par exemple dans le cadre de demandes de renseignements (formulaires de contact, de demande de RDV pour une offre, d\u2019inscription \u00e0 la newsletter de L&#8217;ENTREPRISE) ou d\u2019enqu\u00eates d\u2019informations.<br \/>Il est possible que L&#8217;ENTREPRISE soit \u00e9galement amen\u00e9 \u00e0 r\u00e9colter des donn\u00e9es \u00e0 caract\u00e8re non personnel. Ces donn\u00e9es sont qualifi\u00e9es de donn\u00e9es \u00e0 caract\u00e8re non personnel car elles ne permettent pas d\u2019identifier directement ou indirectement une personne en particulier. Elles pourront d\u00e8s lors \u00eatre utilis\u00e9es \u00e0 quelques fins que ce soit, par exemple pour am\u00e9liorer le Site, les produits et services propos\u00e9s ou les publicit\u00e9s du responsable du traitement.<br \/>Dans l\u2019hypoth\u00e8se o\u00f9 des donn\u00e9es \u00e0 caract\u00e8re non personnel seraient combin\u00e9es \u00e0 des donn\u00e9es \u00e0 caract\u00e8re personnel, de sorte qu\u2019une identification des personnes concern\u00e9es serait possible, ces donn\u00e9es seront trait\u00e9es comme des donn\u00e9es \u00e0 caract\u00e8re personnel jusqu\u2019\u00e0 ce que leur rapprochement avec une personne particuli\u00e8re soit rendu impossible.[\/vc_column_text][\/vc_tab][vc_tab gutter_size=&#8221;2&#8243; column_padding=&#8221;2&#8243; title=&#8221;UTILISATION DES DONN\u00c9ES&#8221; tab_id=&#8221;1774345197951-2-4&#8243;][vc_column_text uncode_shortcode_id=&#8221;878237&#8243;]Les donn\u00e9es \u00e0 caract\u00e8re personnel ne sont recueillies et trait\u00e9es qu\u2019aux seules fins mentionn\u00e9es ci-dessous :<br \/>\u2022 envoi d\u2019informations sur les offres de services de L&#8217;ENTREPRISE.<br \/>\u2022 r\u00e9pondre aux questions de l\u2019utilisateur.<br \/>\u2022 r\u00e9aliser des statistiques.<br \/>\u2022 am\u00e9liorer la qualit\u00e9 du Site et\/ou des ervices propos\u00e9s par L&#8217;ENTREPRISE.<br \/>\u2022 envoi de la newsletter L&#8217;ENTREPRISE, inscription d\u2019un commentaire dans la rubrique \u00ab T\u00e9moignages \u00bb du Site.<br \/>\u2022 permettre une meilleure compr\u00e9hension des centres d\u2019int\u00e9r\u00eat de l\u2019utilisateur.<br \/>L&#8217;ENTREPRISE pourrait \u00eatre amen\u00e9 \u00e0 effectuer des traitements qui ne sont pas encore pr\u00e9vus dans la pr\u00e9sente Charte. Dans ce cas, L&#8217;ENTREPRISE contactera l\u2019utilisateur avant de r\u00e9utiliser ses donn\u00e9es \u00e0 caract\u00e8re personnel, afin de lui faire conna\u00eetre les changements et lui donner la possibilit\u00e9, le cas \u00e9ch\u00e9ant, de refuser cette r\u00e9utilisation.<br \/>DUR\u00c9E DE CONSERVATION<br \/>L&#8217;ENTREPRISE ne conserve les donn\u00e9es \u00e0 caract\u00e8re personnel que pendant le temps raisonnablement n\u00e9cessaire aux finalit\u00e9s poursuivies et en accord avec les exigences l\u00e9gales et r\u00e9glementaires.<br \/>Les donn\u00e9es \u00e0 caract\u00e8re personnel d\u2019un client sont conserv\u00e9es au maximum 5 ans apr\u00e8s la fin de la relation contractuelle qui lie ce client \u00e0 L&#8217;ENTREPRISE<br \/>Des d\u00e9lais de conservation plus courts sont d\u2019application pour certaines cat\u00e9gories de donn\u00e9es, comme les donn\u00e9es de trafic qui ne sont conserv\u00e9es que pendant 12 mois.<br \/>Au terme de l\u2019\u00e9coulement de la p\u00e9riode de conservation, le responsable du traitement met tout en \u0153uvre pour s\u2019assurer que les donn\u00e9es personnelles ont bien \u00e9t\u00e9 rendues indisponibles.<\/p>\n<p>ACC\u00c8S AUX DONN\u00c9ES<br \/>Moyennant demande \u00e9crite dat\u00e9e et sign\u00e9e envoy\u00e9e \u00e0 L&#8217;ENTREPRISE \u00e0 l\u2019adresse vis\u00e9e au point \u00ab contact \u00bb de la pr\u00e9sente Charte, l\u2019utilisateur peut, apr\u00e8s avoir justifi\u00e9 de son identit\u00e9 (en joignant une copie de sa carte d\u2019identit\u00e9), obtenir gratuitement la communication \u00e9crite ou une copie des donn\u00e9es\u00a0\u00a0\u00e0 caract\u00e8re personnel le concernant qui ont \u00e9t\u00e9 recueillies.<br \/>Lorsque l\u2019utilisateur introduit cette demande par voie \u00e9lectronique, les informations sont fournies sous une forme \u00e9lectronique d\u2019usage courant, \u00e0 moins que l\u2019utilisateur ne demande qu\u2019il en soit autrement.<br \/>La copie de ses donn\u00e9es sera communiqu\u00e9e \u00e0 l\u2019utilisateur au plus tard dans le mois apr\u00e8s la r\u00e9ception de la demande.<br \/>Droit de rectification<br \/>Moyennant demande \u00e9crite dat\u00e9e et sign\u00e9e envoy\u00e9e \u00e0 L&#8217;ENTREPRISE \u00e0 l\u2019adresse vis\u00e9e au point \u00ab contact \u00bb de la pr\u00e9sente Charte, l\u2019utilisateur peut, apr\u00e8s avoir justifi\u00e9 de son identit\u00e9 (en joignant une copie de sa carte d\u2019identit\u00e9), obtenir gratuitement, dans les meilleurs d\u00e9lais et au plus tard dans un d\u00e9lai d\u2019un mois, la rectification de ses donn\u00e9es \u00e0 caract\u00e8re personnel qui seraient inexactes, incompl\u00e8tes ou non pertinentes, ainsi que les compl\u00e9ter si elles s\u2019av\u00e8rent incompl\u00e8tes.<br \/>Droit de s\u2019opposer au traitement<br \/>Moyennant demande \u00e9crite dat\u00e9e et sign\u00e9e envoy\u00e9e \u00e0 L&#8217;ENTREPRISE \u00e0 l\u2019adresse vis\u00e9e au point \u00ab contact \u00bb de la pr\u00e9sente Charte, l\u2019utilisateur peut \u00e0 tout moment, pour des raisons tenant \u00e0 sa situation particuli\u00e8re et apr\u00e8s avoir justifi\u00e9 de son identit\u00e9 (en joignant une copie de sa carte d\u2019identit\u00e9), s\u2019opposer gratuitement au traitement de ses donn\u00e9es \u00e0 caract\u00e8re personnel, lorsque :<br \/>\u2022 le traitement est n\u00e9cessaire \u00e0 l\u2019ex\u00e9cution d\u2019une mission d\u2019int\u00e9r\u00eat public ou relevant de l\u2019exercice de l\u2019autorit\u00e9 publique dont serait investi L&#8217;ENTREPRISE.<br \/>\u2022 le traitement est n\u00e9cessaire aux fins des int\u00e9r\u00eats l\u00e9gitimes poursuivis par L&#8217;ENTREPRISE ou par un tiers, \u00e0 moins que ne pr\u00e9valent les int\u00e9r\u00eats ou les libert\u00e9s et droits fondamentaux de la personne concern\u00e9e qui exigent une protection des donn\u00e9es \u00e0 caract\u00e8re personnel (notamment lorsque la personne concern\u00e9e est un enfant).<br \/>L&#8217;ENTREPRISE pourra refuser de mettre en \u0153uvre le droit d\u2019opposition de l\u2019utilisateur lorsqu\u2019il \u00e9tablit l\u2019existence de motifs imp\u00e9rieux et l\u00e9gitimes justifiant le traitement, qui priment les int\u00e9r\u00eats ou les droits et les libert\u00e9s de l\u2019utilisateur, ou pour la constatation, l\u2019exercice ou la d\u00e9fense d\u2019un droit en justice. En cas de contestation, l\u2019utilisateur peut introduire un recours conform\u00e9ment au point \u00ab r\u00e9clamation et plainte \u00bb de la pr\u00e9sente Charte.<br \/>Moyennant demande \u00e9crite dat\u00e9e et sign\u00e9e envoy\u00e9e \u00e0 L&#8217;ENTREPRISE \u00e0 l\u2019adresse vis\u00e9e au point \u00ab contact \u00bb de la pr\u00e9sente Charte, l\u2019utilisateur peut, \u00e0 tout moment et apr\u00e8s avoir justifi\u00e9 de son identit\u00e9 (en joignant une copie de sa carte d\u2019identit\u00e9), s\u2019opposer, sans justification et gratuitement, au traitement des donn\u00e9es \u00e0 caract\u00e8re personnel le concernant lorsque ses donn\u00e9es sont collect\u00e9es \u00e0 des fins de marketing direct.<br \/>Lorsque des donn\u00e9es \u00e0 caract\u00e8re personnel sont trait\u00e9es \u00e0 des fins de recherche scientifique ou historique ou \u00e0 des fins statistiques conform\u00e9ment au r\u00e8glement g\u00e9n\u00e9ral sur la protection des donn\u00e9es, l\u2019utilisateur a le droit de s\u2019opposer, pour des raisons tenant \u00e0 sa situation particuli\u00e8re, au traitement de donn\u00e9es \u00e0 caract\u00e8re personnel le concernant, \u00e0 moins que le traitement ne soit n\u00e9cessaire \u00e0 l\u2019ex\u00e9cution d\u2019une mission d\u2019int\u00e9r\u00eat public.<br \/>L&#8217;ENTREPRISE est tenu de r\u00e9pondre \u00e0 la demande de l\u2019utilisateur dans les meilleurs d\u00e9lais et au plus tard dans un d\u00e9lai d\u2019un mois et de motiver sa r\u00e9ponse lorsqu\u2019il a l\u2019intention de ne pas donner suite \u00e0 une telle demande.<br \/>Droit \u00e0 la limitation du traitement<br \/>Moyennant demande \u00e9crite dat\u00e9e et sign\u00e9e envoy\u00e9e \u00e0 L&#8217;ENTREPRISE \u00e0 l\u2019adresse vis\u00e9e au point \u00ab contact \u00bb de la pr\u00e9sente Charte, l\u2019utilisateur peut, apr\u00e8s avoir justifi\u00e9 de son identit\u00e9 (en joignant une copie de sa carte d\u2019identit\u00e9), obtenir la limitation du traitement de ses donn\u00e9es \u00e0 caract\u00e8re personnel dans les cas \u00e9num\u00e9r\u00e9s ci-apr\u00e8s :<br \/>\u2022 lorsque l\u2019utilisateur conteste l\u2019exactitude d\u2019une donn\u00e9e et uniquement le temps que L&#8217;ENTREPRISE puisse contr\u00f4ler celle-ci.<br \/>\u2022 lorsque le traitement est illicite et que l\u2019utilisateur pr\u00e9f\u00e8re la limitation du traitement \u00e0 l\u2019effacement.<br \/>\u2022 lorsque, bien que n\u2019\u00e9tant plus n\u00e9cessaire \u00e0 la poursuite des finalit\u00e9s du traitement, l\u2019utilisateur en a besoin pour la constatation, l\u2019exercice ou la d\u00e9fense de ses droits en justice.<br \/>\u2022 pendant le temps n\u00e9cessaire \u00e0 l\u2019examen du caract\u00e8re fond\u00e9 d\u2019une demande d\u2019opposition introduite par l\u2019utilisateur, en d\u2019autres termes le temps que L&#8217;ENTREPRISE proc\u00e8de \u00e0 la v\u00e9rification de la balance des int\u00e9r\u00eats entre les int\u00e9r\u00eats l\u00e9gitimes de L&#8217;ENTREPRISE et ceux de l\u2019utilisateur.<br \/>L&#8217;ENTREPRISE informera l\u2019utilisateur lorsque la limitation du traitement est lev\u00e9e.<br \/>Droit \u00e0 l\u2019effacement (droit \u00e0 l\u2019oubli)<br \/>Moyennant demande \u00e9crite dat\u00e9e et sign\u00e9e envoy\u00e9e \u00e0 L&#8217;ENTREPRISE \u00e0 l\u2019adresse vis\u00e9e au point \u00ab contact \u00bb de la pr\u00e9sente Charte, l\u2019utilisateur peut, apr\u00e8s avoir justifi\u00e9 de son identit\u00e9 (en joignant une copie de sa carte d\u2019identit\u00e9), obtenir l\u2019effacement des donn\u00e9es \u00e0 caract\u00e8re personnel le concernant, lorsque l\u2019un des motifs suivants s\u2019applique :<br \/>\u2022 les donn\u00e9es ne sont plus n\u00e9cessaires au regard des finalit\u00e9s du traitement.<br \/>\u2022 l\u2019utilisateur a retir\u00e9 son consentement \u00e0 ce que ses donn\u00e9es soient trait\u00e9es et il n\u2019existe pas d\u2019autre fondement juridique au traitement.<br \/>\u2022 l\u2019utilisateur s\u2019oppose au traitement et il n\u2019existe pas de motif l\u00e9gitime imp\u00e9rieux pour le traitement et\/ou l\u2019utilisateur exerce son droit sp\u00e9cifique d\u2019opposition en mati\u00e8re de marketing direct.<br \/>\u2022 les donn\u00e9es \u00e0 caract\u00e8re personnel ont fait l\u2019objet d\u2019un traitement illicite.<br \/>\u2022 les donn\u00e9es \u00e0 caract\u00e8re personnel effac\u00e9es pour respecter doivent \u00eatre une obligation l\u00e9gale (du droit de l\u2019Union ou du droit de l\u2019\u00c9tat membre) auquel L&#8217;ENTREPRISE est soumis.<br \/>L\u2019effacement des donn\u00e9es n\u2019est toutefois pas applicable dans les 5 cas suivants :<br \/>\u2022 lorsque le traitement est n\u00e9cessaire \u00e0 l\u2019exercice du droit \u00e0 la libert\u00e9 d\u2019expression et d\u2019information.<br \/>\u2022 lorsque le traitement est n\u00e9cessaire pour respecter une obligation l\u00e9gale qui requiert le traitement pr\u00e9vue par le droit de l\u2019Union ou par le droit de l\u2019\u00c9tat membre auquel L&#8217;ENTREPRISE est soumis, ou pour ex\u00e9cuter une mission d\u2019int\u00e9r\u00eat public ou relevant de l\u2019exercice de l\u2019autorit\u00e9 publique dont serait investi L&#8217;ENTREPRISE.<br \/>\u2022 lorsque le traitement est n\u00e9cessaire pour des motifs d\u2019int\u00e9r\u00eat public dans le domaine de la sant\u00e9 publique.<br \/>\u2022 lorsque le traitement est n\u00e9cessaire \u00e0 des fins archivistiques dans l\u2019int\u00e9r\u00eat public, \u00e0 des fins de recherche scientifique ou historique ou \u00e0 des fins statistiques et pour autant que le droit \u00e0 l\u2019effacement est susceptible de rendre impossible ou de compromettre gravement la r\u00e9alisation des objectifs du traitement en question.<br \/>\u2022 lorsque le traitement est n\u00e9cessaire \u00e0 la constatation, \u00e0 l\u2019exercice ou \u00e0 la d\u00e9fense de droits en justice.<br \/>L&#8217;ENTREPRISE est tenu de r\u00e9pondre \u00e0 la demande de l\u2019utilisateur dans les meilleurs d\u00e9lais et au plus tard dans un d\u00e9lai d\u2019un mois et de motiver sa r\u00e9ponse lorsqu\u2019il a l\u2019intention de ne pas donner suite \u00e0 une telle demande.<br \/>L\u2019utilisateur a \u00e9galement le droit, selon les m\u00eames modalit\u00e9s, d\u2019obtenir sans frais la suppression ou l\u2019interdiction d\u2019utilisation de toute donn\u00e9e \u00e0 caract\u00e8re personnel le concernant qui, compte tenu du but du traitement, serait incompl\u00e8te ou non pertinente ou dont l\u2019enregistrement, la communication ou la conservation seraient interdits ou encore qui a \u00e9t\u00e9 conserv\u00e9e au-del\u00e0 de la p\u00e9riode n\u00e9cessaire et autoris\u00e9e.<br \/>Droit \u00e0 la \u00ab portabilit\u00e9 des donn\u00e9es \u00bb<br \/>Moyennant demande \u00e9crite, dat\u00e9e et sign\u00e9e envoy\u00e9e \u00e0 L&#8217;ENTREPRISE \u00e0 l\u2019adresse vis\u00e9e au point \u00ab contact \u00bb de la pr\u00e9sente Charte et apr\u00e8s avoir justifi\u00e9 de son identit\u00e9 (en joignant une copie de sa carte d\u2019identit\u00e9), l\u2019utilisateur peut \u00e0 tout moment, demander de recevoir gratuitement ses donn\u00e9es \u00e0 caract\u00e8re personnel dans un format structur\u00e9, couramment utilis\u00e9 et lisible par machine, en vue notamment de les transmettre \u00e0 un autre responsable du traitement, lorsque :<br \/>\u2022 le traitement de donn\u00e9es est effectu\u00e9 \u00e0 l\u2019aide de proc\u00e9d\u00e9s automatis\u00e9s.<br \/>\u2022 le traitement est fond\u00e9 sur le consentement de l\u2019utilisateur ou sur un contrat conclu entre ce dernier et le responsable du traitement.<br \/>Dans les m\u00eames conditions et selon les m\u00eames modalit\u00e9s, l\u2019utilisateur a le droit d\u2019obtenir de L&#8217;ENTREPRISE que les donn\u00e9es \u00e0 caract\u00e8re personnel le concernant soient transmises directement \u00e0 un autre responsable du traitement de donn\u00e9es \u00e0 caract\u00e8re personnel, pour autant que cela soit techniquement possible.<br \/>Le droit \u00e0 la portabilit\u00e9 des donn\u00e9es ne s\u2019applique pas au traitement qui est n\u00e9cessaire \u00e0 l\u2019ex\u00e9cution d\u2019une mission d\u2019int\u00e9r\u00eat public ou relevant de l\u2019exercice de l\u2019autorit\u00e9 publique dont serait investi L&#8217;ENTREPRISE.<\/p>\n<p>DESTINATAIRES DES DONN\u00c9ES ET DIVULGATION \u00c0 DES TIERS<br \/>Les destinataires des donn\u00e9es r\u00e9colt\u00e9es et trait\u00e9es sont, outre L&#8217;ENTREPRISE, ses pr\u00e9pos\u00e9s ou autre sous-traitants, situ\u00e9s dans l\u2019Union europ\u00e9enne, et collaborent avec L&#8217;ENTREPRISE dans le cadre de la commercialisation de produits ou de la fourniture de services.<br \/>Dans l\u2019hypoth\u00e8se o\u00f9 les donn\u00e9es seraient divulgu\u00e9es \u00e0 des tiers \u00e0 des fins de marketing direct ou de prospection, l\u2019utilisateur en sera pr\u00e9alablement inform\u00e9 de mani\u00e8re \u00e0 pouvoir choisir d\u2019accepter ou non ce traitement de ses donn\u00e9es par les tiers.<br \/>Moyennant demande \u00e9crite dat\u00e9e et sign\u00e9e envoy\u00e9e \u00e0 L&#8217;ENTREPRISE \u00e0 l\u2019adresse vis\u00e9e au point \u00ab contact \u00bb de la pr\u00e9sente Charte, l\u2019utilisateur peut, \u00e0 tout moment et apr\u00e8s avoir justifi\u00e9 de son identit\u00e9 (en joignant une copie de sa carte d\u2019identit\u00e9), s\u2019opposer gratuitement \u00e0 la transmission de ses donn\u00e9es \u00e0 des tiers.<br \/>L&#8217;ENTREPRISE respecte les dispositions l\u00e9gales et r\u00e8glementaires en vigueur et veillera dans tous les cas \u00e0 ce que ses partenaires, pr\u00e9pos\u00e9s, sous-traitants ou autres tiers ayant acc\u00e8s \u00e0 ces donn\u00e9es personnelles respectent la pr\u00e9sente Charte.<br \/>L&#8217;ENTREPRISE se r\u00e9serve le droit de divulguer les donn\u00e9es \u00e0 caract\u00e8re personnel de l\u2019utilisateur dans l\u2019hypoth\u00e8se o\u00f9 une loi, une proc\u00e9dure judiciaire ou un ordre d\u2019une autorit\u00e9 publique rendrait cette divulgation n\u00e9cessaire.<br \/>Aucun transfert de donn\u00e9es \u00e0 caract\u00e8re personnel hors de l\u2019Union europ\u00e9enne n\u2019est effectu\u00e9.[\/vc_column_text][\/vc_tab][vc_tab gutter_size=&#8221;2&#8243; column_padding=&#8221;2&#8243; title=&#8221;UTILISATION ET GESTION DES COOKIES&#8221; tab_id=&#8221;1774345248600-3-3&#8243;][vc_column_text uncode_shortcode_id=&#8221;878237&#8243;]Principes G\u00e9n\u00e9raux<br \/>Le pr\u00e9sent article donne des informations concernant l\u2019utilisation des cookies sur le site web.<br \/>La pr\u00e9sente politique de gestion des cookies s\u2019applique au Site. Ceux-ci sont g\u00e9r\u00e9s par le DPO.<br \/>Le Site utilise des cookies afin de rendre la navigation plus utile et fiable. Certains de ces cookies sont indispensables au fonctionnement du Site, d\u2019autres permettent d\u2019am\u00e9liorer l\u2019exp\u00e9rience de l\u2019utilisateur.<br \/>La plupart des navigateurs web sont configur\u00e9s de mani\u00e8re \u00e0 accepter automatiquement les cookies. Si l\u2019utilisateur souhaite personnaliser leur gestion, il doit modifier les param\u00e8tres de son navigateur. Il trouvera d\u2019autres informations \u00e0 ce sujet au point \u00ab gestion des cookies \u00bb de la pr\u00e9sente disposition.<br \/>En visitant et en utilisant le Site, l\u2019utilisateur marque express\u00e9ment son accord avec la gestion des cookies d\u00e9crite ci-apr\u00e8s.<br \/>D\u00e9finition des cookies<br \/>Un \u00ab cookie \u00bb est un fichier de donn\u00e9es ou de textes que le serveur d\u2019un site web enregistre de mani\u00e8re temporaire ou permanente sur l\u2019\u00e9quipement de l\u2019utilisateur (disque dur de l\u2019ordinateur, tablette, smartphone, ou tout autre appareil similaire) par l\u2019interm\u00e9diaire de son navigateur. Les cookies peuvent aussi \u00eatre install\u00e9s par des tiers avec lesquels le responsable du traitement collabore.<br \/>Les cookies retiennent un certain nombre d\u2019informations, comme les pr\u00e9f\u00e9rences linguistiques des visiteurs ou le contenu de leur panier d\u2019achat. D\u2019autres cookies recueillent des statistiques quant aux utilisateurs d\u2019un site web ou veillent \u00e0 ce que les graphiques apparaissent correctement et que les applications fonctionnent bien sur le site web. D\u2019autres encore permettent d\u2019adapter le contenu et\/ou la publicit\u00e9 d\u2019un site web en fonction de l\u2019utilisateur.<br \/>Utilisation des cookies sur le Site<br \/>\u2022 Les cookies indispensables ou techniques\u00a0: il\u00a0s\u2019agit de cookies indispensables pour l\u2019exploitation du Site, permettant une bonne communication et destin\u00e9s \u00e0 faciliter la navigation ;<br \/>\u2022 Les cookies statistiques ou analytiques\u00a0: ces cookies permettent de reconna\u00eetre et de compter le nombre de visiteurs et de voir leur comportement de navigation lorsqu\u2019ils visitent le Site. Cela permet d\u2019am\u00e9liorer la navigation de l\u2019utilisateur et lui permet de trouver plus facilement ce qu\u2019il recherche.<br \/>\u2022 Les cookies fonctionnels\u00a0: ces cookies permettent d\u2019activer des fonctionnalit\u00e9s sp\u00e9cifiques sur le Site afin d\u2019am\u00e9liorer la convivialit\u00e9 et l\u2019exp\u00e9rience de l\u2019utilisateur, notamment en se souvenant de ses choix de pr\u00e9f\u00e9rences (par exemple la langue) ;<br \/>\u2022 Les cookies de performance\u00a0: ces cookies collectent des informations relatives \u00e0 la mani\u00e8re dont les visiteurs utilisent le Site. Ils permettent d\u2019\u00e9valuer et d\u2019am\u00e9liorer le contenu et la performance du Site (par exemple en comptabilisant le nombre de visiteurs, en identifiant les pages ou les clics les plus populaires), et de mieux faire correspondre les propositions commerciales aux pr\u00e9f\u00e9rences personnelles de l\u2019utilisateur.<br \/>\u2022 Les cookies de tra\u00e7age\u00a0: le Site utilise des cookies de tra\u00e7age via Google Analytics, dans le but d\u2019aider le DPO \u00e0 mesurer les mani\u00e8res d\u2019interagir des utilisateurs avec le contenu du Site et g\u00e9n\u00e9rer les statistiques de visite de mani\u00e8re strictement anonyme. Ces statistiques permettent continuellement d\u2019am\u00e9liorer le Site et d\u2019offrir \u00e0 l\u2019utilisateur un contenu pertinent. Le DPO utilise Google Analytics pour avoir un aper\u00e7u du trafic sur le Site, l\u2019origine de ce trafic et les pages visit\u00e9es. Ceci signifie que Google agit en tant que sous-traitant. L\u2019information recueillie par Google Analytics est g\u00e9n\u00e9r\u00e9e le plus anonymement possible. Par exemple, il n\u2019est pas possible d\u2019identifier les personnes qui visitent le Site. Pour de plus amples informations, l\u2019utilisateur est invit\u00e9 \u00e0 consulter la politique de Google en mati\u00e8re de protection des donn\u00e9es, disponible \u00e0 l\u2019adresse suivante\u00a0:\u00a0http:\/\/www.google.nl\/intl\/en_uk\/policies\/privacy\/<br \/>Le d\u00e9lai de conservation des cookies varie en fonction de leur type : les cookies indispensables sont g\u00e9n\u00e9ralement conserv\u00e9s jusqu\u2019\u00e0 la fermeture du navigateur, tandis que les cookies fonctionnels restent valides 1 an et les cookies de performance, 4 ans.<br \/>Gestion des cookies<br \/>La plupart des navigateurs sont configur\u00e9s de mani\u00e8re \u00e0 accepter automatiquement les cookies, mais tous permettent de personnaliser les param\u00e8tres en fonction des pr\u00e9f\u00e9rences de l\u2019utilisateur.<br \/>Si l\u2019utilisateur ne souhaite pas que le Site place des cookies sur son ordinateur \/ appareil mobile, il peut facilement les g\u00e9rer ou les supprimer en modifiant les param\u00e8tres de son navigateur. L\u2019utilisateur peut \u00e9galement programmer son navigateur pour qu\u2019il lui envoie un avis lorsqu\u2019il re\u00e7oit un cookie et ainsi d\u00e9cider de l\u2019accepter ou non.<br \/>Si l\u2019utilisateur souhaite bloquer et\/ou g\u00e9rer certains cookies, il peut le faire en suivant le lien li\u00e9 \u00e0 son navigateur :<br \/>Internet Explorer\u00a0:\u00a0http:\/\/windows.microsoft.com\/en-us\/windows-vista\/block-or-allow-cookies\u2028Chrome\u00a0:\u00a0https:\/\/support.google.com\/accounts\/answer\/61416?hl=en\u2028Firefox\u00a0:\u00a0https:\/\/support.mozilla.org\/en-US\/kb\/enable-and-disable-cookies-website-preferences\u2028Safari\u00a0:\u00a0http:\/\/support.apple.com\/kb\/PH5042<br \/>Si l\u2019utilisateur ne souhaite pas accepter les cookies de Google Analytics, il peut l\u2019indiquer via le message concernant les cookies qui apparait lors de sa premi\u00e8re visite sur le site web ou en personnalisant les r\u00e9glages de son navigateur de mani\u00e8re \u00e0 ce qu\u2019il refuse les cookies.<br \/>Pour ne plus \u00eatre trac\u00e9 par Google Analytics sur aucun site web, l\u2019utilisateur est invit\u00e9 \u00e0 consulter le site web suivant :\u00a0http:\/\/tools.google.com\/dlpage\/gaoptout<br \/>Dans l\u2019hypoth\u00e8se o\u00f9 l\u2019utilisateur d\u00e9sactive certains cookies, il est possible que certaines parties du Site ne soient pas consultables et\/ou utilisables, ou qu\u2019elles le soient seulement partiellement.<\/p>\n<p>S\u00c9CURIT\u00c9<br \/>Le DPO met en \u0153uvre les mesures techniques et organisationnelles appropri\u00e9es afin de garantir un niveau de s\u00e9curit\u00e9 du traitement et des donn\u00e9es r\u00e9colt\u00e9es au regard des risques pr\u00e9sent\u00e9s par le traitement et de la nature des donn\u00e9es \u00e0 prot\u00e9ger adapt\u00e9 au risque. Il tient compte de l\u2019\u00e9tat des connaissances, des co\u00fbts de mise en \u0153uvre et de la nature, de la port\u00e9e, du contexte et des finalit\u00e9s du traitement ainsi que des risques pour les droits et libert\u00e9s des utilisateurs.\u2028Le DPO utilise toujours les technologies de cryptage qui sont reconnues comme les standards industriels au sein du secteur IT quand il transfert ou re\u00e7oit les donn\u00e9es sur le Site.<br \/>Le DPO a mis en place des mesures de s\u00e9curit\u00e9 appropri\u00e9es pour prot\u00e9ger et \u00e9viter la perte, l\u2019usage abusif ou l\u2019alt\u00e9ration des informations re\u00e7ues sur le Site.[\/vc_column_text][\/vc_tab][\/vc_tabs][\/vc_column][\/vc_row]<\/p>\n<\/div>","protected":false},"excerpt":{"rendered":"<p>[vc_row row_height_percent=&#8221;0&#8243; overlay_alpha=&#8221;50&#8243; gutter_size=&#8221;3&#8243; column_width_percent=&#8221;100&#8243; shift_y=&#8221;0&#8243; z_index=&#8221;0&#8243;][vc_column column_width_use_pixel=&#8221;yes&#8221; gutter_size=&#8221;3&#8243; overlay_alpha=&#8221;50&#8243; shift_x=&#8221;0&#8243; shift_y=&#8221;0&#8243; shift_y_down=&#8221;0&#8243; z_index=&#8221;0&#8243; medium_width=&#8221;0&#8243; mobile_width=&#8221;0&#8243; column_width_pixel=&#8221;1024&#8243;][vc_column_text]Legal information.This website &#8221; [&hellip;]<\/p>\n","protected":false},"author":3,"featured_media":0,"parent":0,"menu_order":0,"comment_status":"closed","ping_status":"closed","template":"","meta":{"inline_featured_image":false,"footnotes":""},"class_list":["post-12457","page","type-page","status-publish","hentry"],"yoast_head":"<!-- This site is optimized with the Yoast SEO plugin v27.5 - https:\/\/yoast.com\/product\/yoast-seo-wordpress\/ -->\n<title>Terms of use - Archimage<\/title>\n<meta name=\"robots\" content=\"index, follow, max-snippet:-1, max-image-preview:large, max-video-preview:-1\" \/>\n<link rel=\"canonical\" href=\"https:\/\/archimage.fr\/en\/terms-of-use\/\" \/>\n<meta property=\"og:locale\" content=\"en_US\" \/>\n<meta property=\"og:type\" content=\"article\" \/>\n<meta property=\"og:title\" content=\"Terms of use - Archimage\" \/>\n<meta property=\"og:description\" content=\"[vc_row row_height_percent=&#8221;0&#8243; overlay_alpha=&#8221;50&#8243; gutter_size=&#8221;3&#8243; column_width_percent=&#8221;100&#8243; shift_y=&#8221;0&#8243; z_index=&#8221;0&#8243;][vc_column column_width_use_pixel=&#8221;yes&#8221; gutter_size=&#8221;3&#8243; overlay_alpha=&#8221;50&#8243; shift_x=&#8221;0&#8243; shift_y=&#8221;0&#8243; shift_y_down=&#8221;0&#8243; z_index=&#8221;0&#8243; medium_width=&#8221;0&#8243; mobile_width=&#8221;0&#8243; column_width_pixel=&#8221;1024&#8243;][vc_column_text]Legal information.This website &#8221; [&hellip;]\" \/>\n<meta property=\"og:url\" content=\"https:\/\/archimage.fr\/en\/terms-of-use\/\" \/>\n<meta property=\"og:site_name\" content=\"Archimage\" \/>\n<meta property=\"article:modified_time\" content=\"2026-03-24T09:50:59+00:00\" \/>\n<meta name=\"twitter:card\" content=\"summary_large_image\" \/>\n<meta name=\"twitter:label1\" content=\"Est. reading time\" \/>\n\t<meta name=\"twitter:data1\" content=\"22 minutes\" \/>\n<script type=\"application\/ld+json\" class=\"yoast-schema-graph\">{\"@context\":\"https:\\\/\\\/schema.org\",\"@graph\":[{\"@type\":\"WebPage\",\"@id\":\"https:\\\/\\\/archimage.fr\\\/en\\\/terms-of-use\\\/\",\"url\":\"https:\\\/\\\/archimage.fr\\\/en\\\/terms-of-use\\\/\",\"name\":\"Terms of use - Archimage\",\"isPartOf\":{\"@id\":\"https:\\\/\\\/archimage.fr\\\/en\\\/#website\"},\"datePublished\":\"2016-09-20T14:14:08+00:00\",\"dateModified\":\"2026-03-24T09:50:59+00:00\",\"breadcrumb\":{\"@id\":\"https:\\\/\\\/archimage.fr\\\/en\\\/terms-of-use\\\/#breadcrumb\"},\"inLanguage\":\"en-US\",\"potentialAction\":[{\"@type\":\"ReadAction\",\"target\":[\"https:\\\/\\\/archimage.fr\\\/en\\\/terms-of-use\\\/\"]}]},{\"@type\":\"BreadcrumbList\",\"@id\":\"https:\\\/\\\/archimage.fr\\\/en\\\/terms-of-use\\\/#breadcrumb\",\"itemListElement\":[{\"@type\":\"ListItem\",\"position\":1,\"name\":\"Accueil\",\"item\":\"https:\\\/\\\/archimage.fr\\\/en\\\/\"},{\"@type\":\"ListItem\",\"position\":2,\"name\":\"Terms of use\"}]},{\"@type\":\"WebSite\",\"@id\":\"https:\\\/\\\/archimage.fr\\\/en\\\/#website\",\"url\":\"https:\\\/\\\/archimage.fr\\\/en\\\/\",\"name\":\"Archimage\",\"description\":\"Cr\u00e9ateur d&#039;espaces de travail\",\"potentialAction\":[{\"@type\":\"SearchAction\",\"target\":{\"@type\":\"EntryPoint\",\"urlTemplate\":\"https:\\\/\\\/archimage.fr\\\/en\\\/?s={search_term_string}\"},\"query-input\":{\"@type\":\"PropertyValueSpecification\",\"valueRequired\":true,\"valueName\":\"search_term_string\"}}],\"inLanguage\":\"en-US\"}]}<\/script>\n<!-- \/ Yoast SEO plugin. -->","yoast_head_json":{"title":"Terms of use - Archimage","robots":{"index":"index","follow":"follow","max-snippet":"max-snippet:-1","max-image-preview":"max-image-preview:large","max-video-preview":"max-video-preview:-1"},"canonical":"https:\/\/archimage.fr\/en\/terms-of-use\/","og_locale":"en_US","og_type":"article","og_title":"Terms of use - Archimage","og_description":"[vc_row row_height_percent=&#8221;0&#8243; overlay_alpha=&#8221;50&#8243; gutter_size=&#8221;3&#8243; column_width_percent=&#8221;100&#8243; shift_y=&#8221;0&#8243; z_index=&#8221;0&#8243;][vc_column column_width_use_pixel=&#8221;yes&#8221; gutter_size=&#8221;3&#8243; overlay_alpha=&#8221;50&#8243; shift_x=&#8221;0&#8243; shift_y=&#8221;0&#8243; shift_y_down=&#8221;0&#8243; z_index=&#8221;0&#8243; medium_width=&#8221;0&#8243; mobile_width=&#8221;0&#8243; column_width_pixel=&#8221;1024&#8243;][vc_column_text]Legal information.This website &#8221; [&hellip;]","og_url":"https:\/\/archimage.fr\/en\/terms-of-use\/","og_site_name":"Archimage","article_modified_time":"2026-03-24T09:50:59+00:00","twitter_card":"summary_large_image","twitter_misc":{"Est. reading time":"22 minutes"},"schema":{"@context":"https:\/\/schema.org","@graph":[{"@type":"WebPage","@id":"https:\/\/archimage.fr\/en\/terms-of-use\/","url":"https:\/\/archimage.fr\/en\/terms-of-use\/","name":"Terms of use - Archimage","isPartOf":{"@id":"https:\/\/archimage.fr\/en\/#website"},"datePublished":"2016-09-20T14:14:08+00:00","dateModified":"2026-03-24T09:50:59+00:00","breadcrumb":{"@id":"https:\/\/archimage.fr\/en\/terms-of-use\/#breadcrumb"},"inLanguage":"en-US","potentialAction":[{"@type":"ReadAction","target":["https:\/\/archimage.fr\/en\/terms-of-use\/"]}]},{"@type":"BreadcrumbList","@id":"https:\/\/archimage.fr\/en\/terms-of-use\/#breadcrumb","itemListElement":[{"@type":"ListItem","position":1,"name":"Accueil","item":"https:\/\/archimage.fr\/en\/"},{"@type":"ListItem","position":2,"name":"Terms of use"}]},{"@type":"WebSite","@id":"https:\/\/archimage.fr\/en\/#website","url":"https:\/\/archimage.fr\/en\/","name":"Archimage","description":"Cr\u00e9ateur d&#039;espaces de travail","potentialAction":[{"@type":"SearchAction","target":{"@type":"EntryPoint","urlTemplate":"https:\/\/archimage.fr\/en\/?s={search_term_string}"},"query-input":{"@type":"PropertyValueSpecification","valueRequired":true,"valueName":"search_term_string"}}],"inLanguage":"en-US"}]}},"_links":{"self":[{"href":"https:\/\/archimage.fr\/en\/wp-json\/wp\/v2\/pages\/12457","targetHints":{"allow":["GET"]}}],"collection":[{"href":"https:\/\/archimage.fr\/en\/wp-json\/wp\/v2\/pages"}],"about":[{"href":"https:\/\/archimage.fr\/en\/wp-json\/wp\/v2\/types\/page"}],"author":[{"embeddable":true,"href":"https:\/\/archimage.fr\/en\/wp-json\/wp\/v2\/users\/3"}],"replies":[{"embeddable":true,"href":"https:\/\/archimage.fr\/en\/wp-json\/wp\/v2\/comments?post=12457"}],"version-history":[{"count":5,"href":"https:\/\/archimage.fr\/en\/wp-json\/wp\/v2\/pages\/12457\/revisions"}],"predecessor-version":[{"id":14018,"href":"https:\/\/archimage.fr\/en\/wp-json\/wp\/v2\/pages\/12457\/revisions\/14018"}],"wp:attachment":[{"href":"https:\/\/archimage.fr\/en\/wp-json\/wp\/v2\/media?parent=12457"}],"curies":[{"name":"wp","href":"https:\/\/api.w.org\/{rel}","templated":true}]}}